{"id":118,"date":"2023-04-06T14:26:34","date_gmt":"2023-04-06T11:26:34","guid":{"rendered":"http:\/\/10.135.32.32\/?page_id=118"},"modified":"2023-04-06T14:26:34","modified_gmt":"2023-04-06T11:26:34","slug":"5072-sayili-kanun","status":"publish","type":"page","link":"https:\/\/pttvakfi.org.tr\/index.php\/hakkimizda\/5072-sayili-kanun\/","title":{"rendered":"5072 Say\u0131l\u0131 Kanun"},"content":{"rendered":"<div class=\"post-content\">\n<p><strong>DERNEK VE VAKIFLARIN KAMU KURUM VE KURULU\u015eLARI \u0130LE \u0130L\u0130\u015eK\u0130LER\u0130NE&nbsp;<\/strong><strong>DA\u0130R KANUN<\/strong><\/p>\n\n\n\n<p><strong>&nbsp; &nbsp; &nbsp; &nbsp; &nbsp; Kanun Numaras\u0131 &nbsp; &nbsp; &nbsp; &nbsp; &nbsp; &nbsp;&nbsp;&nbsp; : 5072<\/strong><\/p>\n\n\n\n<p><strong>&nbsp; &nbsp; &nbsp; &nbsp; &nbsp; Kabul Tarihi&nbsp;&nbsp;&nbsp;&nbsp;&nbsp;&nbsp;&nbsp;&nbsp;&nbsp;&nbsp;&nbsp;&nbsp;&nbsp;&nbsp;&nbsp;&nbsp;&nbsp;&nbsp;&nbsp;&nbsp;&nbsp;&nbsp;&nbsp; : 22\/1\/2004<\/strong><\/p>\n\n\n\n<p><strong>&nbsp; &nbsp; &nbsp; &nbsp; &nbsp; Yay\u0131mland\u0131\u011f\u0131 R.Gazete &nbsp; &nbsp; : Tarih :29\/1\/2004 Say\u0131&nbsp;:25361&nbsp;<\/strong><\/p>\n\n\n\n<p><strong>Ama\u00e7 ve kapsam<\/strong><\/p>\n\n\n\n<p><strong>Madde 1-<\/strong>&nbsp;Bu Kanun; kamu kurum ve kurulu\u015flar\u0131n\u0131, kamu hizmetlerini veya personelini desteklemek \u00fczere kurulan&nbsp;dernekler ve T\u00fcrk Meden\u00ee Kanununa g\u00f6re kurulan vak\u0131flar ile bunlar\u0131n kamu kurum ve kurulu\u015flar\u0131 ile ili\u015fkilerini d\u00fczenler ve kapsar. Kanunla kurulan dernek ve vak\u0131flar, bu Kanun kapsam\u0131&nbsp;d\u0131\u015f\u0131ndad\u0131r. Ancak, bu vak\u0131flar\u0131n hangi esas ve usullere g\u00f6re faaliyette&nbsp;bulunacaklar\u0131 Vak\u0131flar Genel M\u00fcd\u00fcrl\u00fc\u011f\u00fc taraf\u0131ndan \u00e7\u0131kar\u0131lacak bir&nbsp;y\u00f6netmelikle d\u00fczenlenir.<\/p>\n\n\n\n<p><strong>Temel ilkeler<\/strong><\/p>\n\n\n\n<p><strong>Madde 2- a)<\/strong>&nbsp;Dernek ve vak\u0131flar, kamu kurum ve&nbsp;kurulu\u015flar\u0131n\u0131n ismini alamaz, bu kurum ve kurulu\u015flar\u0131n hizmet&nbsp;binalar\u0131 ve m\u00fc\u015ftemilat\u0131 i\u00e7inde faaliyet g\u00f6steremez ve bu kurulu\u015flara ait ara\u00e7 ve gereci kullanamaz.<\/p>\n\n\n\n<p><strong>&nbsp; b)<\/strong>&nbsp;Dernek ve vak\u0131flar kamu kurum ve kurulu\u015flar\u0131n\u0131n&nbsp;sunduklar\u0131 hizmetlerle ilgili olarak ger\u00e7ek ve t\u00fczel ki\u015filerden \u00fccret,&nbsp;ba\u011f\u0131\u015f, katk\u0131 pay\u0131 ve benzeri adlar alt\u0131nda herhangi bir kar\u015f\u0131l\u0131k&nbsp;alamaz.<\/p>\n\n\n\n<p><strong>c)<\/strong>&nbsp;Kamu hizmetlerinde kullan\u0131lan ara\u00e7, gere\u00e7, evrak,&nbsp;form ve benzeri malzemenin, bu Kanun kapsam\u0131ndaki dernek ve&nbsp;vak\u0131flardan temin edilmesi istenemez.<\/p>\n\n\n\n<p><strong>d)<\/strong>&nbsp;Kamu g\u00f6revlileri g\u00f6rev unvanlar\u0131n\u0131 kullanarak&nbsp;dernek ve vak\u0131f organlar\u0131nda g\u00f6rev alamaz.<\/p>\n\n\n\n<p><strong>e)<\/strong>&nbsp;Dernek ve vak\u0131f organlar\u0131nda g\u00f6rev alan kamu&nbsp;g\u00f6revlileri, bu g\u00f6revleri nedeniyle \u00fccret, huzur hakk\u0131 veya ba\u015fka bir&nbsp;ad alt\u0131nda herhangi bir kar\u015f\u0131l\u0131k alamaz.<\/p>\n\n\n\n<p><strong>&nbsp;&nbsp;&nbsp;&nbsp;&nbsp;&nbsp;&nbsp;&nbsp;&nbsp;&nbsp;&nbsp;&nbsp;&nbsp;&nbsp;&nbsp;&nbsp;&nbsp;&nbsp;&nbsp; f)<\/strong>&nbsp;Dernek ve vak\u0131flar\u0131n yard\u0131m toplama ve ba\u011f\u0131\u015f kabul&nbsp;hizmetlerinde kamu g\u00f6revlileri \u00e7al\u0131\u015ft\u0131r\u0131lamaz.<\/p>\n\n\n\n<p><strong>g)<\/strong>&nbsp;Kamu kurum ve kurulu\u015flar\u0131n\u0131n b\u00fct\u00e7elerinden bu Kanun kapsam\u0131ndaki dernek ve vak\u0131flara \u00f6denek, yard\u0131m veya herhangi bir kaynak aktar\u0131lamaz.<\/p>\n\n\n\n<p><strong>h)<\/strong>&nbsp;Kamu kurum ve kurulu\u015flar\u0131, personel maa\u015f ve&nbsp;\u00fccretlerinden, kayna\u011f\u0131nda kesinti yaparak bu Kanun kapsam\u0131ndaki dernek ve vak\u0131flara aktarma yapamaz.<\/p>\n\n\n\n<p><strong>\u0131)<\/strong>&nbsp;\u0130haleyi yapan kurum ve kurulu\u015f b\u00fcnyesinde bulunan&nbsp;veya bu kurum ve kurulu\u015flarla ilgili her ne ama\u00e7la kurulmu\u015f olursa&nbsp;olsun vak\u0131f ve dernekler ile bunlar\u0131n sermayesinin yar\u0131s\u0131ndan fazlas\u0131na sahip olduklar\u0131 \u015firketler, bu kurum ve kurulu\u015flar\u0131n 2886&nbsp;say\u0131l\u0131 Devlet \u0130hale Kanununa g\u00f6re yapacaklar\u0131 ihalelere kat\u0131lamazlar.<\/p>\n\n\n\n<p><strong>&nbsp;&nbsp; &nbsp; &nbsp; Cezalar<\/strong><\/p>\n\n\n\n<p><strong>Madde 3-<\/strong>&nbsp;2 nci maddede belirtilen ilkelere ayk\u0131r\u0131&nbsp;hareket eden kamu g\u00f6revlileri ile dernek ve vak\u0131f y\u00f6neticileri,&nbsp;eylemleri ba\u015fka bir su\u00e7 olu\u015fturmad\u0131\u011f\u0131 takdirde, \u00fc\u00e7 aydan bir y\u0131la&nbsp;kadar hapis cezas\u0131 ile cezaland\u0131r\u0131l\u0131r. Ayr\u0131ca dernek ve vak\u0131f&nbsp;y\u00f6neticileri hakk\u0131nda g\u00f6revden alma i\u015flemi uygulan\u0131r.<\/p>\n\n\n\n<p>&nbsp;&nbsp;&nbsp;&nbsp;&nbsp;&nbsp;&nbsp;&nbsp;&nbsp;&nbsp;&nbsp;&nbsp;&nbsp;&nbsp;&nbsp;&nbsp;&nbsp;&nbsp;&nbsp;&nbsp;Hizmetin verilebilmesi i\u00e7in dernek veya vakfa ba\u011f\u0131\u015f yap\u0131lmas\u0131 ya da kullan\u0131lacak malzemenin dernek veya vak\u0131ftan temin&nbsp;edilmesinin zorunlu k\u0131l\u0131nmas\u0131 nedeniyle, kamu hizmeti engellenmi\u015f&nbsp;veya geciktirilmi\u015f ise ceza yar\u0131 nispetinde art\u0131r\u0131larak tatbik edilir.<\/p>\n\n\n\n<p>&nbsp; &nbsp; &nbsp; &nbsp; &nbsp; &nbsp; &nbsp; &nbsp; &nbsp; &nbsp; Dernek t\u00fcz\u00fc\u011f\u00fc veya vak\u0131f senedi bu Kanuna ayk\u0131r\u0131 olan&nbsp;veya bu Kanuna ayk\u0131r\u0131 i\u015flemleri tespit edilen dernek ve vak\u0131flar,&nbsp;genel h\u00fck\u00fcmlere g\u00f6re kapat\u0131l\u0131r. Kapat\u0131lan dernek mallar\u0131 Hazineye,&nbsp;vak\u0131f mallar\u0131 ise Vak\u0131flar Genel M\u00fcd\u00fcrl\u00fc\u011f\u00fcne intikal eder. Bu dernek&nbsp;ve vak\u0131flar\u0131n y\u00f6neticileri hakk\u0131nda birinci f\u0131kra h\u00fck\u00fcmleri uygulan\u0131r.<\/p>\n\n\n\n<p><strong>Ge\u00e7ici Madde 1-<\/strong>&nbsp;Bu Kanunun y\u00fcr\u00fcrl\u00fc\u011fe girdi\u011fi&nbsp;tarihten \u00f6nce kurulan dernek ve vak\u0131flar, 31.12.2005 tarihine kadar,&nbsp;dernek t\u00fcz\u00fcklerini veya vak\u0131f senetlerini bu Kanun h\u00fck\u00fcmlerine&nbsp;uygun hale getirir. (1)<\/p>\n\n\n\n<p>&nbsp; &nbsp; &nbsp; &nbsp; &nbsp; &nbsp; &nbsp; &nbsp; &nbsp; &nbsp; Dernek t\u00fcz\u00fc\u011f\u00fcn\u00fc veya vak\u0131f senedini alt\u0131 ay i\u00e7inde bu&nbsp;Kanuna uygun hale getirmeyen veya bu Kanuna ayk\u0131r\u0131 i\u015flemleri&nbsp;tespit edilen dernek ve vak\u0131flar, genel h\u00fck\u00fcmlere g\u00f6re kapat\u0131l\u0131r.&nbsp;Kapat\u0131lan dernek mallar\u0131 Hazineye, vak\u0131f mallar\u0131 ise Vak\u0131flar Genel&nbsp;M\u00fcd\u00fcrl\u00fc\u011f\u00fcne intikal eder. Ayr\u0131ca, dernek t\u00fcz\u00fc\u011f\u00fcn\u00fc veya vak\u0131f&nbsp;senedini bu s\u00fcre i\u00e7inde bu Kanuna uygun hale getirmeyen y\u00f6neticiler&nbsp;hakk\u0131nda 3 \u00fcnc\u00fc maddenin birinci f\u0131kras\u0131 h\u00fck\u00fcmleri uygulan\u0131r.<\/p>\n\n\n\n<p><strong>Ge\u00e7ici Madde 2- (Ek: 17\/9\/2004-5234\/ 24 md.)<\/strong><\/p>\n\n\n\n<p>&nbsp; &nbsp; &nbsp; &nbsp; &nbsp; &nbsp; &nbsp; &nbsp; &nbsp; &nbsp; Bu Kanunun y\u00fcr\u00fcrl\u00fc\u011fe girdi\u011fi tarihten \u00f6nce kurulan&nbsp;dernek ve vak\u0131flar\u0131n kamu kurum ve kurulu\u015flar\u0131 ile ilgili alm\u0131\u015f&nbsp;olduklar\u0131 isimler ile t\u00fcz\u00fck ve senetlerindeki kamu g\u00f6revlilerinin&nbsp;unvanlar\u0131n\u0131 kullanma haklar\u0131 sakl\u0131d\u0131r.&nbsp;<\/p>\n\n\n\n<p><strong>Y\u00fcr\u00fcrl\u00fck<\/strong><\/p>\n\n\n\n<p><strong>Madde 4<\/strong>&#8211; Bu Kanun yay\u0131m\u0131 tarihinde y\u00fcr\u00fcrl\u00fc\u011fe girer.<\/p>\n\n\n\n<p><strong>Y\u00fcr\u00fctme<\/strong><\/p>\n\n\n\n<p><strong>Madde 5-&nbsp;<\/strong>Bu Kanun h\u00fck\u00fcmlerini Bakanlar Kurulu&nbsp;y\u00fcr\u00fct\u00fcr<\/p>\n<\/div>","protected":false},"excerpt":{"rendered":"<p>DERNEK VE VAKIFLARIN KAMU KURUM VE KURULU\u015eLARI \u0130LE \u0130L\u0130\u015eK\u0130LER\u0130NE&nbsp;DA\u0130R KANUN<a href=\"https:\/\/pttvakfi.org.tr\/index.php\/hakkimizda\/5072-sayili-kanun\/\">Daha Fazla Oku<i class=\"fa fa-long-arrow-right\" aria-hidden=\"true\"><\/i><\/a><\/p>\n","protected":false},"author":3,"featured_media":0,"parent":142,"menu_order":1,"comment_status":"closed","ping_status":"closed","template":"","meta":[],"_links":{"self":[{"href":"https:\/\/pttvakfi.org.tr\/index.php\/wp-json\/wp\/v2\/pages\/118"}],"collection":[{"href":"https:\/\/pttvakfi.org.tr\/index.php\/wp-json\/wp\/v2\/pages"}],"about":[{"href":"https:\/\/pttvakfi.org.tr\/index.php\/wp-json\/wp\/v2\/types\/page"}],"author":[{"embeddable":true,"href":"https:\/\/pttvakfi.org.tr\/index.php\/wp-json\/wp\/v2\/users\/3"}],"replies":[{"embeddable":true,"href":"https:\/\/pttvakfi.org.tr\/index.php\/wp-json\/wp\/v2\/comments?post=118"}],"version-history":[{"count":0,"href":"https:\/\/pttvakfi.org.tr\/index.php\/wp-json\/wp\/v2\/pages\/118\/revisions"}],"up":[{"embeddable":true,"href":"https:\/\/pttvakfi.org.tr\/index.php\/wp-json\/wp\/v2\/pages\/142"}],"wp:attachment":[{"href":"https:\/\/pttvakfi.org.tr\/index.php\/wp-json\/wp\/v2\/media?parent=118"}],"curies":[{"name":"wp","href":"https:\/\/api.w.org\/{rel}","templated":true}]}}